{"id":12759,"date":"2020-04-07T13:59:00","date_gmt":"2020-04-07T13:59:00","guid":{"rendered":"https:\/\/the7.io\/business-advisors\/?page_id=11"},"modified":"2024-06-10T11:07:30","modified_gmt":"2024-06-10T09:07:30","slug":"posts","status":"publish","type":"page","link":"https:\/\/niespana.com\/fr\/posts\/","title":{"rendered":"bloguer"},"content":{"rendered":"<div data-elementor-type=\"wp-page\" data-elementor-id=\"12759\" class=\"elementor elementor-12759\" data-elementor-post-type=\"page\">\n\t\t\t\t\t\t<section class=\"elementor-section elementor-top-section elementor-element elementor-element-64f606a elementor-section-height-min-height elementor-section-items-stretch elementor-section-content-middle elementor-section-boxed elementor-section-height-default\" data-id=\"64f606a\" data-element_type=\"section\" data-e-type=\"section\">\n\t\t\t\t\t\t<div class=\"elementor-container elementor-column-gap-wider\">\n\t\t\t\t\t<div class=\"elementor-column elementor-col-100 elementor-top-column elementor-element elementor-element-dd9b4aa\" data-id=\"dd9b4aa\" data-element_type=\"column\" data-e-type=\"column\">\n\t\t\t<div class=\"elementor-widget-wrap elementor-element-populated\">\n\t\t\t\t\t\t<div class=\"elementor-element elementor-element-bb9b600 elementor-widget elementor-widget-the7-taxonomy-filter\" data-id=\"bb9b600\" data-element_type=\"widget\" data-e-type=\"widget\" data-widget_type=\"the7-taxonomy-filter.default\">\n\t\t\t\t<div class=\"elementor-widget-container\">\n\t\t\t\t\t<div class=\"filter-decorations without-isotope filter filter-pointer-underline filter-animation-fade\"><div class=\"filter-categories\"><a href=\"\/fr\/wp-json\/wp\/v2\/pages\/12759\" class=\"show-all filter-item act\">Voir tout<\/a><a class=\"filter-item\" href=\"\/fr\/wp-json\/wp\/v2\/pages\/12759?taxonomy=category&#038;term=company-news\" data-filter=\".category-16\">Actualit\u00e9s de l&#039;entreprise<\/a><a class=\"filter-item\" href=\"\/fr\/wp-json\/wp\/v2\/pages\/12759?taxonomy=category&#038;term=general\" data-filter=\".category-1\">Cat\u00e9gorie de sens<\/a><a class=\"filter-item\" href=\"\/fr\/wp-json\/wp\/v2\/pages\/12759?taxonomy=category&#038;term=industry-news\" data-filter=\".category-17\">Actualit\u00e9s du secteur<\/a><a class=\"filter-item\" href=\"\/fr\/wp-json\/wp\/v2\/pages\/12759?taxonomy=category&#038;term=useful-articles\" data-filter=\".category-19\">Articles utiles<\/a><\/div><\/div>\t\t\t\t<\/div>\n\t\t\t\t<\/div>\n\t\t\t\t<div class=\"elementor-element elementor-element-2eb1092 img-align-mobile-top image-vertical-align-center image-vertical-align-tablet-start img-align-top icon-box-vertical-align-top preserve-img-ratio-cover slide-h-position-left elementor-widget elementor-widget-the7-elements-simple-posts\" data-id=\"2eb1092\" data-element_type=\"widget\" data-e-type=\"widget\" data-widget_type=\"the7-elements-simple-posts.default\">\n\t\t\t\t<div class=\"elementor-widget-container\">\n\t\t\t\t\t<div class=\"the7-simple-widget-posts the7-elementor-widget the7-elements-simple-posts-2eb1092\" data-post-limit=\"-1\" data-pagination-mode=\"standard\" data-scroll-offset=\"\">\t\t\t<div class=\"dt-css-grid custom-pagination-handler\" data-columns=\"{&quot;d&quot;:2,&quot;t&quot;:2,&quot;p&quot;:1,&quot;wd&quot;:&quot;&quot;}\">\n\t\t\t\t\t\t\t\t\t<div class=\"wf-cell visible\">\n\t\t\t\t\t\t<article class=\"post visible wrapper post-13960 type-post status-publish format-standard has-post-thumbnail hentry category-general category-1 description-off\">\n\n\t\t\t\t\t\t\t<div class=\"post-content-wrapper\">\n\t\t\t\t\t\t\t\t\t\t\t\t\t\t\t\t\t<div class=\"the7-simple-post-thumb\">\n\t\t\t\t\t\t\t\t\t\t<a class=\"post-thumbnail-rollover layzr-bg img-css-resize-wrapper\" aria-label=\"Image article\" href=\"https:\/\/niespana.com\/fr\/2026\/04\/22\/nomadas-digitales-espana-visado-2026\/\"><img fetchpriority=\"high\" decoding=\"async\" width=\"1024\" height=\"1024\" src=\"data:image\/svg+xml,%3Csvg%20xmlns%3D&#039;http%3A%2F%2Fwww.w3.org%2F2000%2Fsvg&#039;%20viewBox%3D&#039;0%200%201024%201024&#039;%2F%3E\" class=\"attachment-full size-full preload-me aspect lazy lazy-load\" alt=\"\" sizes=\"(max-width: 1024px) 100vw, 1024px\" style=\"--ratio: 1024 \/ 1024;\" data-src=\"https:\/\/niespana.com\/wp-content\/uploads\/2026\/04\/niespana-nomada-digital-espana.webp.jpg\" loading=\"eager\" data-srcset=\"https:\/\/niespana.com\/wp-content\/uploads\/2026\/04\/niespana-nomada-digital-espana.webp.jpg 1024w, https:\/\/niespana.com\/wp-content\/uploads\/2026\/04\/niespana-nomada-digital-espana.webp-300x300.jpg 300w, https:\/\/niespana.com\/wp-content\/uploads\/2026\/04\/niespana-nomada-digital-espana.webp-150x150.jpg 150w, https:\/\/niespana.com\/wp-content\/uploads\/2026\/04\/niespana-nomada-digital-espana.webp-768x768.jpg 768w, https:\/\/niespana.com\/wp-content\/uploads\/2026\/04\/niespana-nomada-digital-espana.webp-12x12.jpg 12w, https:\/\/niespana.com\/wp-content\/uploads\/2026\/04\/niespana-nomada-digital-espana.webp-1000x1000.jpg 1000w, https:\/\/niespana.com\/wp-content\/uploads\/2026\/04\/niespana-nomada-digital-espana.webp-200x200.jpg 200w\" \/><span class=\"the7-hover-icon\"><svg xmlns=\"http:\/\/www.w3.org\/2000\/svg\" viewbox=\"0 0 24 24\" width=\"24\" height=\"24\"><path fill=\"none\" d=\"M0 0h24v24H0z\"><\/path><path d=\"M4.5 10.5c-.825 0-1.5.675-1.5 1.5s.675 1.5 1.5 1.5S6 12.825 6 12s-.675-1.5-1.5-1.5zm15 0c-.825 0-1.5.675-1.5 1.5s.675 1.5 1.5 1.5S21 12.825 21 12s-.675-1.5-1.5-1.5zm-7.5 0c-.825 0-1.5.675-1.5 1.5s.675 1.5 1.5 1.5 1.5-.675 1.5-1.5-.675-1.5-1.5-1.5z\"><\/path><\/svg><\/span><\/a>\t\t\t\t\t\t\t\t\t<\/div>\n\t\t\t\t\t\t\t\t\t\t\t\t\t\t\t\t<div class=\"post-entry-content\">\n\t\t\t\t\t\t\t\t\t<h5 class=\"heading\"><a href=\"https:\/\/niespana.com\/fr\/2026\/04\/22\/nomadas-digitales-espana-visado-2026\/\" rel=\"bookmark\" title=\"Visa pour nomades num\u00e9riques en Espagne : guide 2026\" class=\"post-title\">Visa pour nomades num\u00e9riques en Espagne : guide 2026<\/a><\/h5><div class=\"entry-meta\"><span class=\"meta-item category-link\"><a href=\"https:\/\/niespana.com\/fr\/category\/general\/\" rel=\"tag\">Cat\u00e9gorie de sens<\/a><\/span><span class=\"meta-item data-link\"><time class=\"entry-date updated\" datetime=\"2026-04-22T12:18:33+02:00\">22 avril 2026<\/time><\/span><\/div><p class=\"short-description\">Le visa espagnol pour nomades num\u00e9riques a \u00e9t\u00e9 cr\u00e9\u00e9 par la loi 28\/2022 relative aux start-ups pour les professionnels travaillant \u00e0 distance pour des entreprises ou des clients situ\u00e9s hors d&#039;Espagne. Il a attir\u00e9 des milliers de professionnels internationaux d\u00e9sireux de profiter de la qualit\u00e9 de vie espagnole sans renoncer \u00e0 leur emploi \u00e0 l&#039;\u00e9tranger. Si vous envisagez de vous installer en Espagne\u2026<\/p><a href=\"https:\/\/niespana.com\/fr\/2026\/04\/22\/nomadas-digitales-espana-visado-2026\/\" target=\"\" aria-label=\"En savoir plus sur Visado N\u00f3mada Digital Espa\u00f1a: Gu\u00eda 2026\" class=\"box-button elementor-button elementor-size-md\">Lire l&#039;article<\/a>\t\t\t\t\t\t\t\t<\/div>\n\t\t\t\t\t\t\t<\/div>\n\t\t\t\t\t\t<\/article>\n\t\t\t\t\t<\/div>\t\t\t\t\t\t\t\t\t\t<div class=\"wf-cell visible\">\n\t\t\t\t\t\t<article class=\"post visible wrapper post-13946 type-post status-publish format-standard has-post-thumbnail hentry category-general category-1 description-off\">\n\n\t\t\t\t\t\t\t<div class=\"post-content-wrapper\">\n\t\t\t\t\t\t\t\t\t\t\t\t\t\t\t\t\t<div class=\"the7-simple-post-thumb\">\n\t\t\t\t\t\t\t\t\t\t<a class=\"post-thumbnail-rollover layzr-bg img-css-resize-wrapper\" aria-label=\"Image article\" href=\"https:\/\/niespana.com\/fr\/2026\/04\/20\/reagrupacion-familiar-espana-2026\/\"><img decoding=\"async\" width=\"1024\" height=\"1024\" src=\"data:image\/svg+xml,%3Csvg%20xmlns%3D&#039;http%3A%2F%2Fwww.w3.org%2F2000%2Fsvg&#039;%20viewBox%3D&#039;0%200%201024%201024&#039;%2F%3E\" class=\"attachment-full size-full preload-me aspect lazy lazy-load\" alt=\"\" sizes=\"(max-width: 1024px) 100vw, 1024px\" style=\"--ratio: 1024 \/ 1024;\" data-src=\"https:\/\/niespana.com\/wp-content\/uploads\/2026\/04\/niie-espana.jpg\" loading=\"eager\" data-srcset=\"https:\/\/niespana.com\/wp-content\/uploads\/2026\/04\/niie-espana.jpg 1024w, https:\/\/niespana.com\/wp-content\/uploads\/2026\/04\/niie-espana-300x300.jpg 300w, https:\/\/niespana.com\/wp-content\/uploads\/2026\/04\/niie-espana-150x150.jpg 150w, https:\/\/niespana.com\/wp-content\/uploads\/2026\/04\/niie-espana-768x768.jpg 768w, https:\/\/niespana.com\/wp-content\/uploads\/2026\/04\/niie-espana-12x12.jpg 12w, https:\/\/niespana.com\/wp-content\/uploads\/2026\/04\/niie-espana-1000x1000.jpg 1000w, https:\/\/niespana.com\/wp-content\/uploads\/2026\/04\/niie-espana-200x200.jpg 200w\" \/><span class=\"the7-hover-icon\"><svg xmlns=\"http:\/\/www.w3.org\/2000\/svg\" viewbox=\"0 0 24 24\" width=\"24\" height=\"24\"><path fill=\"none\" d=\"M0 0h24v24H0z\"><\/path><path d=\"M4.5 10.5c-.825 0-1.5.675-1.5 1.5s.675 1.5 1.5 1.5S6 12.825 6 12s-.675-1.5-1.5-1.5zm15 0c-.825 0-1.5.675-1.5 1.5s.675 1.5 1.5 1.5S21 12.825 21 12s-.675-1.5-1.5-1.5zm-7.5 0c-.825 0-1.5.675-1.5 1.5s.675 1.5 1.5 1.5 1.5-.675 1.5-1.5-.675-1.5-1.5-1.5z\"><\/path><\/svg><\/span><\/a>\t\t\t\t\t\t\t\t\t<\/div>\n\t\t\t\t\t\t\t\t\t\t\t\t\t\t\t\t<div class=\"post-entry-content\">\n\t\t\t\t\t\t\t\t\t<h5 class=\"heading\"><a href=\"https:\/\/niespana.com\/fr\/2026\/04\/20\/reagrupacion-familiar-espana-2026\/\" rel=\"bookmark\" title=\"Le regroupement familial en Espagne : Guide complet 2026\" class=\"post-title\">Le regroupement familial en Espagne : Guide complet 2026<\/a><\/h5><div class=\"entry-meta\"><span class=\"meta-item category-link\"><a href=\"https:\/\/niespana.com\/fr\/category\/general\/\" rel=\"tag\">Cat\u00e9gorie de sens<\/a><\/span><span class=\"meta-item data-link\"><time class=\"entry-date updated\" datetime=\"2026-04-20T10:04:18+02:00\">20 avril 2026<\/time><\/span><\/div><p class=\"short-description\">Qu\u2019est-ce que le regroupement familial\u00a0? Le regroupement familial est le droit des \u00e9trangers r\u00e9sidant l\u00e9galement en Espagne de faire venir certains membres de leur famille vivre avec eux. Il leur permet de s\u2019installer d\u00e9finitivement aupr\u00e8s de leurs proches. Si vous poss\u00e9dez d\u00e9j\u00e0 un titre de s\u00e9jour, veuillez \u00e9galement consulter nos informations sur le renouvellement de visa. Qui peut b\u00e9n\u00e9ficier du regroupement familial\u00a0?<\/p><a href=\"https:\/\/niespana.com\/fr\/2026\/04\/20\/reagrupacion-familiar-espana-2026\/\" target=\"\" aria-label=\"En savoir plus sur Reagrupaci\u00f3n Familiar en Espa\u00f1a: Gu\u00eda Completa 2026\" class=\"box-button elementor-button elementor-size-md\">Lire l&#039;article<\/a>\t\t\t\t\t\t\t\t<\/div>\n\t\t\t\t\t\t\t<\/div>\n\t\t\t\t\t\t<\/article>\n\t\t\t\t\t<\/div>\t\t\t\t\t\t\t\t\t\t<div class=\"wf-cell visible\">\n\t\t\t\t\t\t<article class=\"post visible wrapper post-13950 type-post status-publish format-standard has-post-thumbnail hentry category-general category-1 description-off\">\n\n\t\t\t\t\t\t\t<div class=\"post-content-wrapper\">\n\t\t\t\t\t\t\t\t\t\t\t\t\t\t\t\t\t<div class=\"the7-simple-post-thumb\">\n\t\t\t\t\t\t\t\t\t\t<a class=\"post-thumbnail-rollover layzr-bg img-css-resize-wrapper\" aria-label=\"Image article\" href=\"https:\/\/niespana.com\/fr\/2026\/04\/17\/abrir-empresa-espana-extranjero-2026\/\"><img decoding=\"async\" width=\"1024\" height=\"1024\" src=\"data:image\/svg+xml,%3Csvg%20xmlns%3D&#039;http%3A%2F%2Fwww.w3.org%2F2000%2Fsvg&#039;%20viewBox%3D&#039;0%200%201024%201024&#039;%2F%3E\" class=\"attachment-full size-full preload-me aspect lazy lazy-load\" alt=\"\" sizes=\"(max-width: 1024px) 100vw, 1024px\" style=\"--ratio: 1024 \/ 1024;\" data-src=\"https:\/\/niespana.com\/wp-content\/uploads\/2026\/04\/company-nie-espana.jpg\" loading=\"eager\" data-srcset=\"https:\/\/niespana.com\/wp-content\/uploads\/2026\/04\/company-nie-espana.jpg 1024w, https:\/\/niespana.com\/wp-content\/uploads\/2026\/04\/company-nie-espana-300x300.jpg 300w, https:\/\/niespana.com\/wp-content\/uploads\/2026\/04\/company-nie-espana-150x150.jpg 150w, https:\/\/niespana.com\/wp-content\/uploads\/2026\/04\/company-nie-espana-768x768.jpg 768w, https:\/\/niespana.com\/wp-content\/uploads\/2026\/04\/company-nie-espana-12x12.jpg 12w, https:\/\/niespana.com\/wp-content\/uploads\/2026\/04\/company-nie-espana-1000x1000.jpg 1000w, https:\/\/niespana.com\/wp-content\/uploads\/2026\/04\/company-nie-espana-200x200.jpg 200w\" \/><span class=\"the7-hover-icon\"><svg xmlns=\"http:\/\/www.w3.org\/2000\/svg\" viewbox=\"0 0 24 24\" width=\"24\" height=\"24\"><path fill=\"none\" d=\"M0 0h24v24H0z\"><\/path><path d=\"M4.5 10.5c-.825 0-1.5.675-1.5 1.5s.675 1.5 1.5 1.5S6 12.825 6 12s-.675-1.5-1.5-1.5zm15 0c-.825 0-1.5.675-1.5 1.5s.675 1.5 1.5 1.5S21 12.825 21 12s-.675-1.5-1.5-1.5zm-7.5 0c-.825 0-1.5.675-1.5 1.5s.675 1.5 1.5 1.5 1.5-.675 1.5-1.5-.675-1.5-1.5-1.5z\"><\/path><\/svg><\/span><\/a>\t\t\t\t\t\t\t\t\t<\/div>\n\t\t\t\t\t\t\t\t\t\t\t\t\t\t\t\t<div class=\"post-entry-content\">\n\t\t\t\t\t\t\t\t\t<h5 class=\"heading\"><a href=\"https:\/\/niespana.com\/fr\/2026\/04\/17\/abrir-empresa-espana-extranjero-2026\/\" rel=\"bookmark\" title=\"Comment cr\u00e9er une entreprise en Espagne en tant qu&#039;\u00e9tranger (2026)\" class=\"post-title\">Comment cr\u00e9er une entreprise en Espagne en tant qu&#039;\u00e9tranger (2026)<\/a><\/h5><div class=\"entry-meta\"><span class=\"meta-item category-link\"><a href=\"https:\/\/niespana.com\/fr\/category\/general\/\" rel=\"tag\">Cat\u00e9gorie de sens<\/a><\/span><span class=\"meta-item data-link\"><time class=\"entry-date updated\" datetime=\"2026-04-17T10:20:31+02:00\">17 avril 2026<\/time><\/span><\/div><p class=\"short-description\">Un \u00e9tranger peut-il cr\u00e9er une entreprise en Espagne\u00a0? Oui, tout \u00e9tranger peut cr\u00e9er une entreprise en Espagne, quelle que soit sa nationalit\u00e9. Toutefois, un NIE (Num\u00e9ro d&#039;Identification d&#039;\u00c9tranger) est indispensable pour exercer toute activit\u00e9 \u00e9conomique ou juridique en Espagne. Formes juridiques les plus courantes\u00a0: La plus courante est la soci\u00e9t\u00e9 \u00e0 responsabilit\u00e9 limit\u00e9e (SL) avec\u2026<\/p><a href=\"https:\/\/niespana.com\/fr\/2026\/04\/17\/abrir-empresa-espana-extranjero-2026\/\" target=\"\" aria-label=\"En savoir plus sur C\u00f3mo Abrir una Empresa en Espa\u00f1a siendo Extranjero 2026\" class=\"box-button elementor-button elementor-size-md\">Lire l&#039;article<\/a>\t\t\t\t\t\t\t\t<\/div>\n\t\t\t\t\t\t\t<\/div>\n\t\t\t\t\t\t<\/article>\n\t\t\t\t\t<\/div>\t\t\t\t\t\t\t\t\t\t<div class=\"wf-cell visible\">\n\t\t\t\t\t\t<article class=\"post visible wrapper post-13939 type-post status-publish format-standard has-post-thumbnail hentry category-general category-1 description-off\">\n\n\t\t\t\t\t\t\t<div class=\"post-content-wrapper\">\n\t\t\t\t\t\t\t\t\t\t\t\t\t\t\t\t\t<div class=\"the7-simple-post-thumb\">\n\t\t\t\t\t\t\t\t\t\t<a class=\"post-thumbnail-rollover layzr-bg img-css-resize-wrapper\" aria-label=\"Image article\" href=\"https:\/\/niespana.com\/fr\/2026\/04\/09\/esborrany-automatigolden-visa-espana-2026\/\"><img decoding=\"async\" width=\"1024\" height=\"1024\" src=\"data:image\/svg+xml,%3Csvg%20xmlns%3D&#039;http%3A%2F%2Fwww.w3.org%2F2000%2Fsvg&#039;%20viewBox%3D&#039;0%200%201024%201024&#039;%2F%3E\" class=\"attachment-full size-full preload-me aspect lazy lazy-load\" alt=\"\" sizes=\"(max-width: 1024px) 100vw, 1024px\" style=\"--ratio: 1024 \/ 1024;\" data-src=\"https:\/\/niespana.com\/wp-content\/uploads\/2026\/04\/niespana.jpg\" loading=\"eager\" data-srcset=\"https:\/\/niespana.com\/wp-content\/uploads\/2026\/04\/niespana.jpg 1024w, https:\/\/niespana.com\/wp-content\/uploads\/2026\/04\/niespana-300x300.jpg 300w, https:\/\/niespana.com\/wp-content\/uploads\/2026\/04\/niespana-150x150.jpg 150w, https:\/\/niespana.com\/wp-content\/uploads\/2026\/04\/niespana-768x768.jpg 768w, https:\/\/niespana.com\/wp-content\/uploads\/2026\/04\/niespana-12x12.jpg 12w, https:\/\/niespana.com\/wp-content\/uploads\/2026\/04\/niespana-1000x1000.jpg 1000w, https:\/\/niespana.com\/wp-content\/uploads\/2026\/04\/niespana-200x200.jpg 200w\" \/><span class=\"the7-hover-icon\"><svg xmlns=\"http:\/\/www.w3.org\/2000\/svg\" viewbox=\"0 0 24 24\" width=\"24\" height=\"24\"><path fill=\"none\" d=\"M0 0h24v24H0z\"><\/path><path d=\"M4.5 10.5c-.825 0-1.5.675-1.5 1.5s.675 1.5 1.5 1.5S6 12.825 6 12s-.675-1.5-1.5-1.5zm15 0c-.825 0-1.5.675-1.5 1.5s.675 1.5 1.5 1.5S21 12.825 21 12s-.675-1.5-1.5-1.5zm-7.5 0c-.825 0-1.5.675-1.5 1.5s.675 1.5 1.5 1.5 1.5-.675 1.5-1.5-.675-1.5-1.5-1.5z\"><\/path><\/svg><\/span><\/a>\t\t\t\t\t\t\t\t\t<\/div>\n\t\t\t\t\t\t\t\t\t\t\t\t\t\t\t\t<div class=\"post-entry-content\">\n\t\t\t\t\t\t\t\t\t<h5 class=\"heading\"><a href=\"https:\/\/niespana.com\/fr\/2026\/04\/09\/esborrany-automatigolden-visa-espana-2026\/\" rel=\"bookmark\" title=\"Visa d&#039;or Espagne 2026\u00a0: conditions, investissement et proc\u00e9dure de candidature\" class=\"post-title\">Visa d&#039;or Espagne 2026\u00a0: conditions, investissement et proc\u00e9dure de candidature<\/a><\/h5><div class=\"entry-meta\"><span class=\"meta-item category-link\"><a href=\"https:\/\/niespana.com\/fr\/category\/general\/\" rel=\"tag\">Cat\u00e9gorie de sens<\/a><\/span><span class=\"meta-item data-link\"><time class=\"entry-date updated\" datetime=\"2026-04-09T11:50:00+02:00\">9 avril 2026<\/time><\/span><\/div><p class=\"short-description\">Qu\u2019est-ce que le Golden Visa en Espagne\u00a0? Le Golden Visa, ou visa d\u2019investisseur, est un titre de s\u00e9jour accord\u00e9 aux ressortissants de pays tiers en \u00e9change d\u2019un investissement important en Espagne. Cr\u00e9\u00e9 par la loi 14\/2013, il est devenu l\u2019une des options les plus pris\u00e9es des investisseurs du monde entier. Pour en savoir plus\u2026<\/p><a href=\"https:\/\/niespana.com\/fr\/2026\/04\/09\/esborrany-automatigolden-visa-espana-2026\/\" target=\"\" aria-label=\"En savoir plus sur Golden Visa Espa\u00f1a 2026: Requisitos, Inversi\u00f3n y C\u00f3mo Solicitarla\" class=\"box-button elementor-button elementor-size-md\">Lire l&#039;article<\/a>\t\t\t\t\t\t\t\t<\/div>\n\t\t\t\t\t\t\t<\/div>\n\t\t\t\t\t\t<\/article>\n\t\t\t\t\t<\/div>\t\t\t\t\t\t\t\t\t\t<div class=\"wf-cell visible\">\n\t\t\t\t\t\t<article class=\"post visible wrapper post-13934 type-post status-publish format-standard has-post-thumbnail hentry category-general category-1 description-off\">\n\n\t\t\t\t\t\t\t<div class=\"post-content-wrapper\">\n\t\t\t\t\t\t\t\t\t\t\t\t\t\t\t\t\t<div class=\"the7-simple-post-thumb\">\n\t\t\t\t\t\t\t\t\t\t<a class=\"post-thumbnail-rollover layzr-bg img-css-resize-wrapper\" aria-label=\"Image article\" href=\"https:\/\/niespana.com\/fr\/2026\/03\/31\/cuanto-tarda-el-nie-en-espana-2026\/\"><img decoding=\"async\" width=\"735\" height=\"491\" src=\"data:image\/svg+xml,%3Csvg%20xmlns%3D&#039;http%3A%2F%2Fwww.w3.org%2F2000%2Fsvg&#039;%20viewBox%3D&#039;0%200%20735%20491&#039;%2F%3E\" class=\"attachment-full size-full preload-me aspect lazy lazy-load\" alt=\"\" sizes=\"(max-width: 735px) 100vw, 735px\" style=\"--ratio: 735 \/ 491;\" data-src=\"https:\/\/niespana.com\/wp-content\/uploads\/2026\/03\/Como-obtener-el-NIE-en-Espana-si-eres-ciudadano-comunitario-1.jpg\" loading=\"eager\" data-srcset=\"https:\/\/niespana.com\/wp-content\/uploads\/2026\/03\/Como-obtener-el-NIE-en-Espana-si-eres-ciudadano-comunitario-1.jpg 735w, https:\/\/niespana.com\/wp-content\/uploads\/2026\/03\/Como-obtener-el-NIE-en-Espana-si-eres-ciudadano-comunitario-1-300x200.jpg 300w, https:\/\/niespana.com\/wp-content\/uploads\/2026\/03\/Como-obtener-el-NIE-en-Espana-si-eres-ciudadano-comunitario-1-18x12.jpg 18w\" \/><span class=\"the7-hover-icon\"><svg xmlns=\"http:\/\/www.w3.org\/2000\/svg\" viewbox=\"0 0 24 24\" width=\"24\" height=\"24\"><path fill=\"none\" d=\"M0 0h24v24H0z\"><\/path><path d=\"M4.5 10.5c-.825 0-1.5.675-1.5 1.5s.675 1.5 1.5 1.5S6 12.825 6 12s-.675-1.5-1.5-1.5zm15 0c-.825 0-1.5.675-1.5 1.5s.675 1.5 1.5 1.5S21 12.825 21 12s-.675-1.5-1.5-1.5zm-7.5 0c-.825 0-1.5.675-1.5 1.5s.675 1.5 1.5 1.5 1.5-.675 1.5-1.5-.675-1.5-1.5-1.5z\"><\/path><\/svg><\/span><\/a>\t\t\t\t\t\t\t\t\t<\/div>\n\t\t\t\t\t\t\t\t\t\t\t\t\t\t\t\t<div class=\"post-entry-content\">\n\t\t\t\t\t\t\t\t\t<h5 class=\"heading\"><a href=\"https:\/\/niespana.com\/fr\/2026\/03\/31\/cuanto-tarda-el-nie-en-espana-2026\/\" rel=\"bookmark\" title=\"Combien de temps faut-il pour obtenir un NIE en Espagne en 2026\u00a0?\" class=\"post-title\">Combien de temps faut-il pour obtenir un NIE en Espagne en 2026\u00a0?<\/a><\/h5><div class=\"entry-meta\"><span class=\"meta-item category-link\"><a href=\"https:\/\/niespana.com\/fr\/category\/general\/\" rel=\"tag\">Cat\u00e9gorie de sens<\/a><\/span><span class=\"meta-item data-link\"><time class=\"entry-date updated\" datetime=\"2026-03-31T11:56:18+02:00\">31 mars 2026<\/time><\/span><\/div><p class=\"short-description\">Le d\u00e9lai d&#039;obtention d&#039;un NIE en Espagne peut varier en fonction de plusieurs facteurs, tels que le lieu de d\u00e9p\u00f4t de la demande, la charge de travail du service d&#039;immigration et le fait de d\u00e9poser la demande directement ou par l&#039;interm\u00e9diaire d&#039;un repr\u00e9sentant. En g\u00e9n\u00e9ral, la proc\u00e9dure n&#039;est pas imm\u00e9diate, car\u2026<\/p><a href=\"https:\/\/niespana.com\/fr\/2026\/03\/31\/cuanto-tarda-el-nie-en-espana-2026\/\" target=\"\" aria-label=\"En savoir plus sur Cu\u00e1nto tarda el NIE en Espa\u00f1a 2026\" class=\"box-button elementor-button elementor-size-md\">Lire l&#039;article<\/a>\t\t\t\t\t\t\t\t<\/div>\n\t\t\t\t\t\t\t<\/div>\n\t\t\t\t\t\t<\/article>\n\t\t\t\t\t<\/div>\t\t\t\t\t\t\t\t\t\t<div class=\"wf-cell visible\">\n\t\t\t\t\t\t<article class=\"post visible wrapper post-13926 type-post status-publish format-standard has-post-thumbnail hentry category-general category-1 description-off\">\n\n\t\t\t\t\t\t\t<div class=\"post-content-wrapper\">\n\t\t\t\t\t\t\t\t\t\t\t\t\t\t\t\t\t<div class=\"the7-simple-post-thumb\">\n\t\t\t\t\t\t\t\t\t\t<a class=\"post-thumbnail-rollover layzr-bg img-css-resize-wrapper\" aria-label=\"Image article\" href=\"https:\/\/niespana.com\/fr\/2026\/03\/23\/diferencia-nie-permiso-residencia\/\"><img decoding=\"async\" width=\"1200\" height=\"1500\" src=\"data:image\/svg+xml,%3Csvg%20xmlns%3D&#039;http%3A%2F%2Fwww.w3.org%2F2000%2Fsvg&#039;%20viewBox%3D&#039;0%200%201200%201500&#039;%2F%3E\" class=\"attachment-full size-full preload-me aspect lazy lazy-load\" alt=\"\" sizes=\"(max-width: 1200px) 100vw, 1200px\" style=\"--ratio: 1200 \/ 1500;\" data-src=\"https:\/\/niespana.com\/wp-content\/uploads\/2026\/03\/NIESPANA0062.jpg\" loading=\"eager\" data-srcset=\"https:\/\/niespana.com\/wp-content\/uploads\/2026\/03\/NIESPANA0062.jpg 1200w, https:\/\/niespana.com\/wp-content\/uploads\/2026\/03\/NIESPANA0062-240x300.jpg 240w, https:\/\/niespana.com\/wp-content\/uploads\/2026\/03\/NIESPANA0062-819x1024.jpg 819w, https:\/\/niespana.com\/wp-content\/uploads\/2026\/03\/NIESPANA0062-768x960.jpg 768w, https:\/\/niespana.com\/wp-content\/uploads\/2026\/03\/NIESPANA0062-10x12.jpg 10w, https:\/\/niespana.com\/wp-content\/uploads\/2026\/03\/NIESPANA0062-1000x1250.jpg 1000w\" \/><span class=\"the7-hover-icon\"><svg xmlns=\"http:\/\/www.w3.org\/2000\/svg\" viewbox=\"0 0 24 24\" width=\"24\" height=\"24\"><path fill=\"none\" d=\"M0 0h24v24H0z\"><\/path><path d=\"M4.5 10.5c-.825 0-1.5.675-1.5 1.5s.675 1.5 1.5 1.5S6 12.825 6 12s-.675-1.5-1.5-1.5zm15 0c-.825 0-1.5.675-1.5 1.5s.675 1.5 1.5 1.5S21 12.825 21 12s-.675-1.5-1.5-1.5zm-7.5 0c-.825 0-1.5.675-1.5 1.5s.675 1.5 1.5 1.5 1.5-.675 1.5-1.5-.675-1.5-1.5-1.5z\"><\/path><\/svg><\/span><\/a>\t\t\t\t\t\t\t\t\t<\/div>\n\t\t\t\t\t\t\t\t\t\t\t\t\t\t\t\t<div class=\"post-entry-content\">\n\t\t\t\t\t\t\t\t\t<h5 class=\"heading\"><a href=\"https:\/\/niespana.com\/fr\/2026\/03\/23\/diferencia-nie-permiso-residencia\/\" rel=\"bookmark\" title=\"Diff\u00e9rence entre le NIE et le permis de s\u00e9jour en Espagne en 2026\" class=\"post-title\">Diff\u00e9rence entre le NIE et le permis de s\u00e9jour en Espagne en 2026<\/a><\/h5><div class=\"entry-meta\"><span class=\"meta-item category-link\"><a href=\"https:\/\/niespana.com\/fr\/category\/general\/\" rel=\"tag\">Cat\u00e9gorie de sens<\/a><\/span><span class=\"meta-item data-link\"><time class=\"entry-date updated\" datetime=\"2026-03-23T12:53:31+02:00\">23 mars 2026<\/time><\/span><\/div><p class=\"short-description\">Il est essentiel que les \u00e9trangers comprennent que le NIE et le titre de s\u00e9jour espagnols sont deux documents distincts, bien que tous deux soient li\u00e9s \u00e0 la l\u00e9galit\u00e9 et \u00e0 l&#039;administration du pays. Qu&#039;est-ce que le NIE en Espagne\u00a0? Le NIE (Num\u00e9ro d&#039;Identification d&#039;\u00c9tranger) est un num\u00e9ro unique qui permet aux \u00e9trangers de\u2026<\/p><a href=\"https:\/\/niespana.com\/fr\/2026\/03\/23\/diferencia-nie-permiso-residencia\/\" target=\"\" aria-label=\"En savoir plus sur Diferencia entre NIE y permiso de residencia en Espa\u00f1a 2026\" class=\"box-button elementor-button elementor-size-md\">Lire l&#039;article<\/a>\t\t\t\t\t\t\t\t<\/div>\n\t\t\t\t\t\t\t<\/div>\n\t\t\t\t\t\t<\/article>\n\t\t\t\t\t<\/div>\t\t\t\t\t\t\t\t<\/div>\n\t\t<div class=\"paginator filter-decorations filter-pointer-underline filter-animation-fade\" role=\"navigation\"><a href=\"https:\/\/niespana.com\/fr\/wp-json\/wp\/v2\/pages\/12759\/\" class=\"page-numbers filter-item act\" data-page-num=\"1\">1<\/a><a href=\"https:\/\/niespana.com\/fr\/wp-json\/wp\/v2\/pages\/12759\/page\/2\/\" class=\"page-numbers filter-item\" data-page-num=\"2\">2<\/a><a href=\"https:\/\/niespana.com\/fr\/wp-json\/wp\/v2\/pages\/12759\/page\/3\/\" class=\"page-numbers filter-item\" data-page-num=\"3\">3<\/a><a href=\"https:\/\/niespana.com\/fr\/wp-json\/wp\/v2\/pages\/12759\/page\/4\/\" class=\"page-numbers filter-item\" data-page-num=\"4\">4<\/a><a href=\"https:\/\/niespana.com\/fr\/wp-json\/wp\/v2\/pages\/12759\/page\/2\/\" class=\"page-numbers nav-next filter-item\" data-page-num=\"2\" >\u2192<\/a><\/div><\/div>\t\t\t\t<\/div>\n\t\t\t\t<\/div>\n\t\t\t\t\t<\/div>\n\t\t<\/div>\n\t\t\t\t\t<\/div>\n\t\t<\/section>\n\t\t\t\t<\/div>","protected":false},"excerpt":{"rendered":"<p>Il est essentiel que les \u00e9trangers comprennent que le NIE et le titre de s\u00e9jour espagnols sont deux documents distincts, bien que tous deux soient li\u00e9s \u00e0 la l\u00e9galit\u00e9 et \u00e0 l&#039;administration du pays. Qu&#039;est-ce que le NIE en Espagne\u00a0? Le NIE (Num\u00e9ro d&#039;Identification d&#039;\u00c9tranger) est un num\u00e9ro unique qui permet aux \u00e9trangers de\u2026<\/p>","protected":false},"author":1,"featured_media":0,"parent":0,"menu_order":10,"comment_status":"closed","ping_status":"closed","template":"","meta":{"inline_featured_image":false,"footnotes":""},"class_list":["post-12759","page","type-page","status-publish","hentry","category-1","description-off"],"yoast_head":"<!-- This site is optimized with the Yoast SEO plugin v23.0 - https:\/\/yoast.com\/wordpress\/plugins\/seo\/ -->\n<title>Blog - Niespana<\/title>\n<meta name=\"robots\" content=\"index, follow, max-snippet:-1, max-image-preview:large, max-video-preview:-1\" \/>\n<link rel=\"canonical\" href=\"https:\/\/niespana.com\/fr\/posts\/\" \/>\n<meta property=\"og:locale\" content=\"fr_FR\" \/>\n<meta property=\"og:type\" content=\"article\" \/>\n<meta property=\"og:title\" content=\"Blog - Niespana\" \/>\n<meta property=\"og:url\" content=\"https:\/\/niespana.com\/fr\/posts\/\" \/>\n<meta property=\"og:site_name\" content=\"Niespana\" \/>\n<meta property=\"article:modified_time\" content=\"2024-06-10T09:07:30+00:00\" \/>\n<meta name=\"twitter:card\" content=\"summary_large_image\" \/>\n<script type=\"application\/ld+json\" class=\"yoast-schema-graph\">{\"@context\":\"https:\/\/schema.org\",\"@graph\":[{\"@type\":\"WebPage\",\"@id\":\"https:\/\/niespana.com\/posts\/\",\"url\":\"https:\/\/niespana.com\/posts\/\",\"name\":\"Blog - Niespana\",\"isPartOf\":{\"@id\":\"https:\/\/niespana.com\/#website\"},\"datePublished\":\"2020-04-07T13:59:00+00:00\",\"dateModified\":\"2024-06-10T09:07:30+00:00\",\"breadcrumb\":{\"@id\":\"https:\/\/niespana.com\/posts\/#breadcrumb\"},\"inLanguage\":\"fr-FR\",\"potentialAction\":[{\"@type\":\"ReadAction\",\"target\":[\"https:\/\/niespana.com\/posts\/\"]}]},{\"@type\":\"BreadcrumbList\",\"@id\":\"https:\/\/niespana.com\/posts\/#breadcrumb\",\"itemListElement\":[{\"@type\":\"ListItem\",\"position\":1,\"name\":\"Inici\",\"item\":\"https:\/\/niespana.com\/\"},{\"@type\":\"ListItem\",\"position\":2,\"name\":\"Blog\"}]},{\"@type\":\"WebSite\",\"@id\":\"https:\/\/niespana.com\/#website\",\"url\":\"https:\/\/niespana.com\/\",\"name\":\"Niespana\",\"description\":\"Servicios de extranjer\u00eda\",\"publisher\":{\"@id\":\"https:\/\/niespana.com\/#organization\"},\"potentialAction\":[{\"@type\":\"SearchAction\",\"target\":{\"@type\":\"EntryPoint\",\"urlTemplate\":\"https:\/\/niespana.com\/?s={search_term_string}\"},\"query-input\":\"required name=search_term_string\"}],\"inLanguage\":\"fr-FR\"},{\"@type\":\"Organization\",\"@id\":\"https:\/\/niespana.com\/#organization\",\"name\":\"Niespana\",\"url\":\"https:\/\/niespana.com\/\",\"logo\":{\"@type\":\"ImageObject\",\"inLanguage\":\"fr-FR\",\"@id\":\"https:\/\/niespana.com\/#\/schema\/logo\/image\/\",\"url\":\"https:\/\/niespana.com\/wp-content\/uploads\/2024\/06\/niespana_logo.svg\",\"contentUrl\":\"https:\/\/niespana.com\/wp-content\/uploads\/2024\/06\/niespana_logo.svg\",\"caption\":\"Niespana\"},\"image\":{\"@id\":\"https:\/\/niespana.com\/#\/schema\/logo\/image\/\"}}]}<\/script>\n<!-- \/ Yoast SEO plugin. -->","yoast_head_json":{"title":"Blog - Niespana","robots":{"index":"index","follow":"follow","max-snippet":"max-snippet:-1","max-image-preview":"max-image-preview:large","max-video-preview":"max-video-preview:-1"},"canonical":"https:\/\/niespana.com\/fr\/posts\/","og_locale":"fr_FR","og_type":"article","og_title":"Blog - Niespana","og_url":"https:\/\/niespana.com\/fr\/posts\/","og_site_name":"Niespana","article_modified_time":"2024-06-10T09:07:30+00:00","twitter_card":"summary_large_image","schema":{"@context":"https:\/\/schema.org","@graph":[{"@type":"WebPage","@id":"https:\/\/niespana.com\/posts\/","url":"https:\/\/niespana.com\/posts\/","name":"Blog - Niespana","isPartOf":{"@id":"https:\/\/niespana.com\/#website"},"datePublished":"2020-04-07T13:59:00+00:00","dateModified":"2024-06-10T09:07:30+00:00","breadcrumb":{"@id":"https:\/\/niespana.com\/posts\/#breadcrumb"},"inLanguage":"fr-FR","potentialAction":[{"@type":"ReadAction","target":["https:\/\/niespana.com\/posts\/"]}]},{"@type":"BreadcrumbList","@id":"https:\/\/niespana.com\/posts\/#breadcrumb","itemListElement":[{"@type":"ListItem","position":1,"name":"Inici","item":"https:\/\/niespana.com\/"},{"@type":"ListItem","position":2,"name":"Blog"}]},{"@type":"WebSite","@id":"https:\/\/niespana.com\/#website","url":"https:\/\/niespana.com\/","name":"Niespana","description":"Services d&#039;immigration","publisher":{"@id":"https:\/\/niespana.com\/#organization"},"potentialAction":[{"@type":"SearchAction","target":{"@type":"EntryPoint","urlTemplate":"https:\/\/niespana.com\/?s={search_term_string}"},"query-input":"required name=search_term_string"}],"inLanguage":"fr-FR"},{"@type":"Organization","@id":"https:\/\/niespana.com\/#organization","name":"Niespana","url":"https:\/\/niespana.com\/","logo":{"@type":"ImageObject","inLanguage":"fr-FR","@id":"https:\/\/niespana.com\/#\/schema\/logo\/image\/","url":"https:\/\/niespana.com\/wp-content\/uploads\/2024\/06\/niespana_logo.svg","contentUrl":"https:\/\/niespana.com\/wp-content\/uploads\/2024\/06\/niespana_logo.svg","caption":"Niespana"},"image":{"@id":"https:\/\/niespana.com\/#\/schema\/logo\/image\/"}}]}},"jetpack_sharing_enabled":true,"_links":{"self":[{"href":"https:\/\/niespana.com\/fr\/wp-json\/wp\/v2\/pages\/12759","targetHints":{"allow":["GET"]}}],"collection":[{"href":"https:\/\/niespana.com\/fr\/wp-json\/wp\/v2\/pages"}],"about":[{"href":"https:\/\/niespana.com\/fr\/wp-json\/wp\/v2\/types\/page"}],"author":[{"embeddable":true,"href":"https:\/\/niespana.com\/fr\/wp-json\/wp\/v2\/users\/1"}],"replies":[{"embeddable":true,"href":"https:\/\/niespana.com\/fr\/wp-json\/wp\/v2\/comments?post=12759"}],"version-history":[{"count":1,"href":"https:\/\/niespana.com\/fr\/wp-json\/wp\/v2\/pages\/12759\/revisions"}],"predecessor-version":[{"id":12859,"href":"https:\/\/niespana.com\/fr\/wp-json\/wp\/v2\/pages\/12759\/revisions\/12859"}],"wp:attachment":[{"href":"https:\/\/niespana.com\/fr\/wp-json\/wp\/v2\/media?parent=12759"}],"curies":[{"name":"wp","href":"https:\/\/api.w.org\/{rel}","templated":true}]}}